{"id":4,"date":"2017-11-26T13:08:13","date_gmt":"2017-11-26T12:08:13","guid":{"rendered":"http:\/\/japeyr.fr\/?page_id=4"},"modified":"2023-12-10T19:49:20","modified_gmt":"2023-12-10T19:49:20","slug":"index","status":"publish","type":"page","link":"http:\/\/www.dequeker.com\/en\/","title":{"rendered":""},"content":{"rendered":"<p><img loading=\"lazy\" class=\"alignnone wp-image-57\" src=\"http:\/\/japeyr.fr\/wp-content\/uploads\/2017\/11\/marche-1024x487.jpg\" alt=\"\" width=\"615\" height=\"292\" \/><\/p>\n<h2><a href=\"http:\/\/japeyr.fr\/fabrication#terre-rouge\"><strong>POTERIES DEQUEKER<\/strong>\u00a0 <\/a><\/h2>\n<p><a href=\"http:\/\/japeyr.fr\/fabrication#terre-rouge\">( Poteries Rainbow)<\/a><\/p>\n<p>Atelier principal et boutique \u00e0<\/p>\n<p>SAINT GEORGES LA POUGE 23250<\/p>\n<p>au lieu-dit &#8220;Les Pierres&#8221;<\/p>\n<p>tel fixe:+33555666528 \u00a0\u00a0 mobile: +336130565590\u00a0 ,\u00a0 +33631093300 , +33768597677<\/p>\n<p>visites (sans rendez-vous) , ouverts en permanence\u00a0 7j\/7<\/p>\n<p><img loading=\"lazy\" class=\"alignnone wp-image-381\" src=\"http:\/\/japeyr.fr\/wp-content\/uploads\/2019\/02\/WP_20160801_094-300x169.jpg\" alt=\"\" width=\"227\" height=\"128\" srcset=\"http:\/\/www.dequeker.com\/wp-content\/uploads\/2019\/02\/WP_20160801_094-300x169.jpg 300w, http:\/\/www.dequeker.com\/wp-content\/uploads\/2019\/02\/WP_20160801_094-768x432.jpg 768w, http:\/\/www.dequeker.com\/wp-content\/uploads\/2019\/02\/WP_20160801_094-1024x576.jpg 1024w\" sizes=\"(max-width: 227px) 100vw, 227px\" \/> <img loading=\"lazy\" class=\"alignnone wp-image-374\" src=\"http:\/\/japeyr.fr\/wp-content\/uploads\/2019\/02\/WP_20160801_053-300x169.jpg\" alt=\"\" width=\"210\" height=\"118\" srcset=\"http:\/\/www.dequeker.com\/wp-content\/uploads\/2019\/02\/WP_20160801_053-300x169.jpg 300w, http:\/\/www.dequeker.com\/wp-content\/uploads\/2019\/02\/WP_20160801_053-768x432.jpg 768w, http:\/\/www.dequeker.com\/wp-content\/uploads\/2019\/02\/WP_20160801_053-1024x576.jpg 1024w\" sizes=\"(max-width: 210px) 100vw, 210px\" \/> <img loading=\"lazy\" class=\"alignnone wp-image-373\" src=\"http:\/\/japeyr.fr\/wp-content\/uploads\/2019\/02\/WP_20160801_040-300x169.jpg\" alt=\"\" width=\"192\" height=\"108\" srcset=\"http:\/\/www.dequeker.com\/wp-content\/uploads\/2019\/02\/WP_20160801_040-300x169.jpg 300w, http:\/\/www.dequeker.com\/wp-content\/uploads\/2019\/02\/WP_20160801_040-768x432.jpg 768w, http:\/\/www.dequeker.com\/wp-content\/uploads\/2019\/02\/WP_20160801_040-1024x576.jpg 1024w\" sizes=\"(max-width: 192px) 100vw, 192px\" \/> <img loading=\"lazy\" class=\"alignnone wp-image-368\" src=\"http:\/\/japeyr.fr\/wp-content\/uploads\/2019\/02\/WP_20160801_029-300x169.jpg\" alt=\"\" width=\"233\" height=\"131\" srcset=\"http:\/\/www.dequeker.com\/wp-content\/uploads\/2019\/02\/WP_20160801_029-300x169.jpg 300w, http:\/\/www.dequeker.com\/wp-content\/uploads\/2019\/02\/WP_20160801_029-768x432.jpg 768w, http:\/\/www.dequeker.com\/wp-content\/uploads\/2019\/02\/WP_20160801_029-1024x576.jpg 1024w\" sizes=\"(max-width: 233px) 100vw, 233px\" \/><\/p>\n<p><strong>boutique \u00e0 Ahun 23150<\/strong><\/p>\n<p>ouverte\u00a0les apr\u00e8s-midi 14h30 \u00e0 19h et sans interruption l&#8217;\u00e9t\u00e9 et les f\u00eates de fin d&#8217;ann\u00e9e de 10h \u00e0 19h<\/p>\n<p><img loading=\"lazy\" class=\"alignnone wp-image-366\" src=\"http:\/\/japeyr.fr\/wp-content\/uploads\/2019\/02\/WP_20160801_023-300x169.jpg\" alt=\"\" width=\"238\" height=\"134\" srcset=\"http:\/\/www.dequeker.com\/wp-content\/uploads\/2019\/02\/WP_20160801_023-300x169.jpg 300w, http:\/\/www.dequeker.com\/wp-content\/uploads\/2019\/02\/WP_20160801_023-768x432.jpg 768w, http:\/\/www.dequeker.com\/wp-content\/uploads\/2019\/02\/WP_20160801_023-1024x576.jpg 1024w\" sizes=\"(max-width: 238px) 100vw, 238px\" \/> <img loading=\"lazy\" class=\"alignnone wp-image-363\" src=\"http:\/\/japeyr.fr\/wp-content\/uploads\/2019\/02\/WP_20160801_016-300x169.jpg\" alt=\"\" width=\"206\" height=\"116\" srcset=\"http:\/\/www.dequeker.com\/wp-content\/uploads\/2019\/02\/WP_20160801_016-300x169.jpg 300w, http:\/\/www.dequeker.com\/wp-content\/uploads\/2019\/02\/WP_20160801_016-768x432.jpg 768w, http:\/\/www.dequeker.com\/wp-content\/uploads\/2019\/02\/WP_20160801_016-1024x576.jpg 1024w\" sizes=\"(max-width: 206px) 100vw, 206px\" \/> <img loading=\"lazy\" class=\"alignnone wp-image-361\" src=\"http:\/\/japeyr.fr\/wp-content\/uploads\/2019\/02\/WP_20160801_001-300x169.jpg\" alt=\"\" width=\"202\" height=\"114\" srcset=\"http:\/\/www.dequeker.com\/wp-content\/uploads\/2019\/02\/WP_20160801_001-300x169.jpg 300w, http:\/\/www.dequeker.com\/wp-content\/uploads\/2019\/02\/WP_20160801_001-768x432.jpg 768w, http:\/\/www.dequeker.com\/wp-content\/uploads\/2019\/02\/WP_20160801_001-1024x576.jpg 1024w\" sizes=\"(max-width: 202px) 100vw, 202px\" \/><img loading=\"lazy\" class=\"alignnone wp-image-357\" src=\"http:\/\/japeyr.fr\/wp-content\/uploads\/2019\/02\/CIMG0597-300x225.jpg\" alt=\"\" width=\"212\" height=\"159\" srcset=\"http:\/\/www.dequeker.com\/wp-content\/uploads\/2019\/02\/CIMG0597-300x225.jpg 300w, http:\/\/www.dequeker.com\/wp-content\/uploads\/2019\/02\/CIMG0597.jpg 640w\" sizes=\"(max-width: 212px) 100vw, 212px\" \/><\/p>\n<p>&nbsp;<\/p>\n<p><strong>Fabrication et boutique<\/strong><\/p>\n<p>au lieu-dit Broussas , Faux la Montagne 23340.<\/p>\n<p>sur le lac de Vassivi\u00e8re<\/p>\n<p>tel +33616314642<\/p>\n<h4>Poteries utilitaires\u00a0et d\u00e9coratives fabriqu\u00e9es\u00a0en terre glaise (la m\u00eame que l&#8217;on\u00a0 trouve partout pour les briques et tuiles rouges locales) on l&#8217;am\u00e8ne \u00e0 son point de\u00a0 vitrification (pour l&#8217;optimum de solidit\u00e9) telle\u00a0 la porcelaine.<\/h4>\n<p>Nos \u00e9maux de couleurs vives sont sans plomb ni autres produits toxiques souvent utilis\u00e9s en c\u00e9ramique.<\/p>\n<p><a href=\"https:\/\/goo.gl\/maps\/DZivGUx3m6U2\" target=\"_blank\" rel=\"noopener\"><img loading=\"lazy\" class=\"alignnone wp-image-297 size-full\" src=\"http:\/\/japeyr.fr\/wp-content\/uploads\/2017\/11\/GoogleMap.png\" alt=\"\" width=\"724\" height=\"474\" srcset=\"http:\/\/www.dequeker.com\/wp-content\/uploads\/2017\/11\/GoogleMap.png 724w, http:\/\/www.dequeker.com\/wp-content\/uploads\/2017\/11\/GoogleMap-300x196.png 300w\" sizes=\"(max-width: 724px) 100vw, 724px\" \/><\/a><\/p>\n","protected":false},"excerpt":{"rendered":"<p>POTERIES DEQUEKER\u00a0 ( Poteries Rainbow) Atelier principal et boutique \u00e0 SAINT GEORGES LA POUGE 23250 au lieu-dit &#8220;Les Pierres&#8221; tel fixe:+33555666528 \u00a0\u00a0 mobile: +336130565590\u00a0 ,\u00a0 +33631093300 , +33768597677 visites (sans rendez-vous) , ouverts en permanence\u00a0 7j\/7 boutique \u00e0 Ahun 23150 ouverte\u00a0les apr\u00e8s-midi 14h30 \u00e0 19h et sans interruption l&#8217;\u00e9t\u00e9 et les f\u00eates de fin d&#8217;ann\u00e9e &hellip; <a href=\"http:\/\/www.dequeker.com\/en\/\" class=\"more-link\">Continue reading <span class=\"screen-reader-text\"><\/span><\/a><\/p>\n","protected":false},"author":1,"featured_media":0,"parent":0,"menu_order":0,"comment_status":"closed","ping_status":"closed","template":"","meta":[],"_links":{"self":[{"href":"http:\/\/www.dequeker.com\/en\/wp-json\/wp\/v2\/pages\/4"}],"collection":[{"href":"http:\/\/www.dequeker.com\/en\/wp-json\/wp\/v2\/pages"}],"about":[{"href":"http:\/\/www.dequeker.com\/en\/wp-json\/wp\/v2\/types\/page"}],"author":[{"embeddable":true,"href":"http:\/\/www.dequeker.com\/en\/wp-json\/wp\/v2\/users\/1"}],"replies":[{"embeddable":true,"href":"http:\/\/www.dequeker.com\/en\/wp-json\/wp\/v2\/comments?post=4"}],"version-history":[{"count":57,"href":"http:\/\/www.dequeker.com\/en\/wp-json\/wp\/v2\/pages\/4\/revisions"}],"predecessor-version":[{"id":543,"href":"http:\/\/www.dequeker.com\/en\/wp-json\/wp\/v2\/pages\/4\/revisions\/543"}],"wp:attachment":[{"href":"http:\/\/www.dequeker.com\/en\/wp-json\/wp\/v2\/media?parent=4"}],"curies":[{"name":"wp","href":"https:\/\/api.w.org\/{rel}","templated":true}]}}